{"id":3065,"date":"2022-07-26T15:21:46","date_gmt":"2022-07-26T15:21:46","guid":{"rendered":"https:\/\/www.bethshouse.it\/?post_type=appartamenti&#038;p=3065"},"modified":"2023-02-07T17:45:27","modified_gmt":"2023-02-07T17:45:27","slug":"ora","status":"publish","type":"appartamenti","link":"https:\/\/www.bethshouse.it\/de\/appartements\/ora\/","title":{"rendered":"Ora"},"content":{"rendered":"<p><span style=\"font-weight: 400;\">Beth\u2019s House Ora liegt im <\/span><b>dritten Stock<\/b><span style=\"font-weight: 400;\"> eines ruhigen Appartementhauses und ist ideal f\u00fcr Familien von bis zu <\/span><b>2 Personen<\/b><span style=\"font-weight: 400;\"> und Paare.<br \/>\n<\/span><span style=\"font-weight: 400;\">Die Wohnung bietet eine <\/span><b>stimmungsvolle Terrasse<\/b><span style=\"font-weight: 400;\"> f\u00fcr die private Nutzung, auf der man im Freien essen und einen herrlichen Ausblick sowohl auf die Berge als auch auf den nur 200 m entfernten See genie\u00dfen kann, der bequem \u00fcber einen zauberhaften Fu\u00dfweg durch die Natur erreichbar ist. <\/span><span style=\"font-weight: 400;\">Die Unterkunft besteht aus einem Schlafzimmer mit Doppelbett, Wohnzimmer mit ausgestatteter K\u00fcche, Bad und Terrasse.<\/span><\/p>\n<p><span style=\"font-weight: 400;\">Beth\u2019s House ORA hat einen <\/span><b>Wohnbereich mit K\u00fcche<\/b><span style=\"font-weight: 400;\">, deren umfassende Ausstattung aus Ofen, Waschmaschine, K\u00fchlschrank, Kaffeemaschine und Wasserkocher besteht.<br \/>\n<\/span><span style=\"font-weight: 400;\">In der K\u00fcche finden sich au\u00dferdem ein komplettes Set aus T\u00f6pfen, Pfannen, Tellern, Tassen, Gl\u00e4sern und alle notwendigen K\u00fcchenger\u00e4te, sowie Kaffee, Zucker, \u00d6l, Essig, Salz, Pfeffer und verschiedene Gew\u00fcrze.<br \/>\n<\/span><\/p>\n<p><span style=\"font-weight: 400;\">Die <\/span><b>Terrasse<\/b><span style=\"font-weight: 400;\"> ist mit Tisch und St\u00fchlen sowie einer Markise ausgestattet und ideal, um drau\u00dfen zu essen, w\u00e4hrend man den herrlichen Ausblick auf den See genie\u00dft.<br \/>\n<\/span><span style=\"font-weight: 400;\">Den G\u00e4sten werden Tischw\u00e4sche, Geschirrt\u00fccher und Geschirrsp\u00fclmittel sowie Reinigungsmittel f\u00fcr Sp\u00fcl- und Waschmaschine zur Verf\u00fcgung gestellt.<br \/>\n<\/span><span style=\"font-weight: 400;\">Die Einrichtung des Wohnbereichs besteht aus einem <\/span><b>Doppelbett-Schlafsofa<\/b><span style=\"font-weight: 400;\">, Tisch, St\u00fchlen und einem Flachbildfernseher.<br \/>\n<\/span><span style=\"font-weight: 400;\">Der Schlafbereich besteht aus einem <\/span><b>Schlafzimmer<\/b><span style=\"font-weight: 400;\"> mit bequemem Doppelbett und Schrank.<br \/>\n<\/span><span style=\"font-weight: 400;\">Das <\/span><b>Badezimmer<\/b><span style=\"font-weight: 400;\"> verf\u00fcgt \u00fcber Dusche, Waschbecken, WC, F\u00f6n, Seife, Toilettenpapier und Erste-Hilfe-Set.\u00a0<\/span><\/p>\n<p><span style=\"font-weight: 400;\">In der Wohnung finden sich zudem Putzutensilien, W\u00e4schest\u00e4nder, B\u00fcgelbrett und B\u00fcgeleisen.<br \/>\n<\/span><span style=\"font-weight: 400;\">Ein besonderes Highlight Ihres Urlaubs ist zudem der gem\u00fctliche Garten mit Olivenb\u00e4umen und einem <\/span><b>phantastischen Swimmingpool<\/b><span style=\"font-weight: 400;\">, von dem man einen atemberaubenden Ausblick auf die Berge genie\u00dfen kann. <\/span><span style=\"font-weight: 400;\">Kostenlose Wi-Fi-Nutzung f\u00fcr Internet inbegriffen.<br \/>\n<\/span><span style=\"font-weight: 400;\">Den G\u00e4sten steht eine Garage zur Verf\u00fcgung.<\/span><\/p>\n","protected":false},"featured_media":3212,"template":"","elettrodomestici":[282,289,280,285,283,290,286,284,291,287,292,293,288,281],"biancheria":[298,297,295,300,294,296,301,299],"cucina_e_dispensa":[303,302,304,305,306,309,308,311,307,310,312],"pulizia":[319,320,317,314,316,318,321,313,315],"bambini":[323,324,322],"riscaldamento_climatizzatore":[359,325,326],"sicurezza":[328,327],"intrattenimento":[330,331,329,332],"varie":[],"all_aperto":[339,335,343,334,338,347,342,345,337,341,344,340,333],"tipo-struttura":[],"class_list":["post-3065","appartamenti","type-appartamenti","status-publish","has-post-thumbnail","hentry","elettrodomestici-buegeleisen-und-buegelbrett","elettrodomestici-dvd-blue-ray-player","elettrodomestici-foen","elettrodomestici-gefrierschrank","elettrodomestici-herdplatten","elettrodomestici-kaffeeautomat","elettrodomestici-kuehlschrank","elettrodomestici-mikrowelle","elettrodomestici-saftpresse","elettrodomestici-spuelmaschine","elettrodomestici-toaster-de","elettrodomestici-tv-de","elettrodomestici-waschmaschine","elettrodomestici-wasserkocher","biancheria-aufbewahrungsmoeglichkeiten-fuer-kleidung","biancheria-bettlaken","biancheria-bettwaesche","biancheria-geschirrtuecher","biancheria-handtuecher","biancheria-kissen-und-zusaetzliche-decken","biancheria-verdunkelungsvorhaenge","biancheria-waeschestaender","cucina_e_dispensa-espresso-gemahlen-pads-filter","cucina_e_dispensa-essig","cucina_e_dispensa-flaschenoeffner","cucina_e_dispensa-kaesereibe","cucina_e_dispensa-oel-zum-kochen","cucina_e_dispensa-pfannenset","cucina_e_dispensa-salz-und-pfeffer","cucina_e_dispensa-tassen-und-unterteller","cucina_e_dispensa-teller-verschiedener-groessen","cucina_e_dispensa-toepfeset","cucina_e_dispensa-zucker","pulizia-besen","pulizia-eimer","pulizia-kehrschaufel","pulizia-oberflaechenreiniger","pulizia-pflegeset-bad","pulizia-reinigungstabs-spuelmaschine","pulizia-schwaemme","pulizia-toilettenpapier","pulizia-waschmittel","bambini-brettspiele","bambini-hochstuhl-auf-anfrage","bambini-spielzeuge-und-buecher-fuer-kinder","riscaldamento_climatizzatore-aria-condizionata-de","riscaldamento_climatizzatore-heizung","riscaldamento_climatizzatore-tragbare-ventilatoren","sicurezza-erste-hilfe-set","sicurezza-feuerloescher","intrattenimento-netflix-de","intrattenimento-puzzle-de","intrattenimento-spielkarten","intrattenimento-wifi-de","all_aperto-fahrradstellplatz","all_aperto-gemeinschaftlicher-garten","all_aperto-liegestuhl","all_aperto-outdoor-ausstattung","all_aperto-parkplatz","all_aperto-posto-auto-privato-de","all_aperto-privater-swimmingpool","all_aperto-seeblick","all_aperto-sonnenschirm","all_aperto-swimmingpool","all_aperto-terrasse","all_aperto-veranda-oder-balkon","all_aperto-zugang-zum-see"],"acf":[],"yoast_head":"<!-- This site is optimized with the Yoast SEO plugin v27.3 - https:\/\/yoast.com\/product\/yoast-seo-wordpress\/ -->\n<title>Appartamento Ora - Lago di Garda<\/title>\n<meta name=\"description\" content=\"L&#039;appartamento Ora - Beth&#039;s House sul Lago di Garda si trova al terzo piano con terrazzo ideale per 2 persone\" \/>\n<meta name=\"robots\" content=\"index, follow, max-snippet:-1, max-image-preview:large, max-video-preview:-1\" \/>\n<link rel=\"canonical\" href=\"https:\/\/www.bethshouse.it\/de\/appartements\/ora\/\" \/>\n<meta property=\"og:locale\" content=\"de_DE\" \/>\n<meta property=\"og:type\" content=\"article\" \/>\n<meta property=\"og:title\" content=\"Appartamento Ora - Lago di Garda\" \/>\n<meta property=\"og:description\" content=\"L&#039;appartamento Ora - Beth&#039;s House sul Lago di Garda si trova al terzo piano con terrazzo ideale per 2 persone\" \/>\n<meta property=\"og:url\" content=\"https:\/\/www.bethshouse.it\/de\/appartements\/ora\/\" \/>\n<meta property=\"og:site_name\" content=\"Beth&#039;s House\" \/>\n<meta property=\"article:modified_time\" content=\"2023-02-07T17:45:27+00:00\" \/>\n<meta property=\"og:image\" content=\"https:\/\/www.bethshouse.it\/wp-content\/uploads\/2022\/07\/immagini-cover-web2.jpg\" \/>\n\t<meta property=\"og:image:width\" content=\"1920\" \/>\n\t<meta property=\"og:image:height\" content=\"600\" \/>\n\t<meta property=\"og:image:type\" content=\"image\/jpeg\" \/>\n<meta name=\"twitter:card\" content=\"summary_large_image\" \/>\n<meta name=\"twitter:label1\" content=\"Gesch\u00e4tzte Lesezeit\" \/>\n\t<meta name=\"twitter:data1\" content=\"2\u00a0Minuten\" \/>\n<script type=\"application\/ld+json\" class=\"yoast-schema-graph\">{\"@context\":\"https:\\\/\\\/schema.org\",\"@graph\":[{\"@type\":\"WebPage\",\"@id\":\"https:\\\/\\\/www.bethshouse.it\\\/de\\\/appartements\\\/ora\\\/\",\"url\":\"https:\\\/\\\/www.bethshouse.it\\\/de\\\/appartements\\\/ora\\\/\",\"name\":\"Appartamento Ora - Lago di Garda\",\"isPartOf\":{\"@id\":\"https:\\\/\\\/www.bethshouse.it\\\/de\\\/#website\"},\"primaryImageOfPage\":{\"@id\":\"https:\\\/\\\/www.bethshouse.it\\\/de\\\/appartements\\\/ora\\\/#primaryimage\"},\"image\":{\"@id\":\"https:\\\/\\\/www.bethshouse.it\\\/de\\\/appartements\\\/ora\\\/#primaryimage\"},\"thumbnailUrl\":\"https:\\\/\\\/www.bethshouse.it\\\/wp-content\\\/uploads\\\/2022\\\/07\\\/immagini-cover-web2.jpg\",\"datePublished\":\"2022-07-26T15:21:46+00:00\",\"dateModified\":\"2023-02-07T17:45:27+00:00\",\"description\":\"L'appartamento Ora - Beth's House sul Lago di Garda si trova al terzo piano con terrazzo ideale per 2 persone\",\"breadcrumb\":{\"@id\":\"https:\\\/\\\/www.bethshouse.it\\\/de\\\/appartements\\\/ora\\\/#breadcrumb\"},\"inLanguage\":\"de\",\"potentialAction\":[{\"@type\":\"ReadAction\",\"target\":[\"https:\\\/\\\/www.bethshouse.it\\\/de\\\/appartements\\\/ora\\\/\"]}]},{\"@type\":\"ImageObject\",\"inLanguage\":\"de\",\"@id\":\"https:\\\/\\\/www.bethshouse.it\\\/de\\\/appartements\\\/ora\\\/#primaryimage\",\"url\":\"https:\\\/\\\/www.bethshouse.it\\\/wp-content\\\/uploads\\\/2022\\\/07\\\/immagini-cover-web2.jpg\",\"contentUrl\":\"https:\\\/\\\/www.bethshouse.it\\\/wp-content\\\/uploads\\\/2022\\\/07\\\/immagini-cover-web2.jpg\",\"width\":1920,\"height\":600},{\"@type\":\"BreadcrumbList\",\"@id\":\"https:\\\/\\\/www.bethshouse.it\\\/de\\\/appartements\\\/ora\\\/#breadcrumb\",\"itemListElement\":[{\"@type\":\"ListItem\",\"position\":1,\"name\":\"Home\",\"item\":\"https:\\\/\\\/www.bethshouse.it\\\/de\\\/homepage\\\/\"},{\"@type\":\"ListItem\",\"position\":2,\"name\":\"Appartements\",\"item\":\"https:\\\/\\\/www.bethshouse.it\\\/de\\\/appartements\\\/\"},{\"@type\":\"ListItem\",\"position\":3,\"name\":\"Ora\"}]},{\"@type\":\"WebSite\",\"@id\":\"https:\\\/\\\/www.bethshouse.it\\\/de\\\/#website\",\"url\":\"https:\\\/\\\/www.bethshouse.it\\\/de\\\/\",\"name\":\"Beth&#039;s House\",\"description\":\"Case vacanze vicino Lago di Garda\",\"publisher\":{\"@id\":\"https:\\\/\\\/www.bethshouse.it\\\/de\\\/#organization\"},\"potentialAction\":[{\"@type\":\"SearchAction\",\"target\":{\"@type\":\"EntryPoint\",\"urlTemplate\":\"https:\\\/\\\/www.bethshouse.it\\\/de\\\/?s={search_term_string}\"},\"query-input\":{\"@type\":\"PropertyValueSpecification\",\"valueRequired\":true,\"valueName\":\"search_term_string\"}}],\"inLanguage\":\"de\"},{\"@type\":\"Organization\",\"@id\":\"https:\\\/\\\/www.bethshouse.it\\\/de\\\/#organization\",\"name\":\"Beth's House\",\"url\":\"https:\\\/\\\/www.bethshouse.it\\\/de\\\/\",\"logo\":{\"@type\":\"ImageObject\",\"inLanguage\":\"de\",\"@id\":\"https:\\\/\\\/www.bethshouse.it\\\/de\\\/#\\\/schema\\\/logo\\\/image\\\/\",\"url\":\"https:\\\/\\\/www.bethshouse.it\\\/wp-content\\\/uploads\\\/2022\\\/03\\\/01.png\",\"contentUrl\":\"https:\\\/\\\/www.bethshouse.it\\\/wp-content\\\/uploads\\\/2022\\\/03\\\/01.png\",\"width\":2041,\"height\":454,\"caption\":\"Beth's House\"},\"image\":{\"@id\":\"https:\\\/\\\/www.bethshouse.it\\\/de\\\/#\\\/schema\\\/logo\\\/image\\\/\"}}]}<\/script>\n<!-- \/ Yoast SEO plugin. -->","yoast_head_json":{"title":"Appartamento Ora - Lago di Garda","description":"L'appartamento Ora - Beth's House sul Lago di Garda si trova al terzo piano con terrazzo ideale per 2 persone","robots":{"index":"index","follow":"follow","max-snippet":"max-snippet:-1","max-image-preview":"max-image-preview:large","max-video-preview":"max-video-preview:-1"},"canonical":"https:\/\/www.bethshouse.it\/de\/appartements\/ora\/","og_locale":"de_DE","og_type":"article","og_title":"Appartamento Ora - Lago di Garda","og_description":"L'appartamento Ora - Beth's House sul Lago di Garda si trova al terzo piano con terrazzo ideale per 2 persone","og_url":"https:\/\/www.bethshouse.it\/de\/appartements\/ora\/","og_site_name":"Beth&#039;s House","article_modified_time":"2023-02-07T17:45:27+00:00","og_image":[{"width":1920,"height":600,"url":"https:\/\/www.bethshouse.it\/wp-content\/uploads\/2022\/07\/immagini-cover-web2.jpg","type":"image\/jpeg"}],"twitter_card":"summary_large_image","twitter_misc":{"Gesch\u00e4tzte Lesezeit":"2\u00a0Minuten"},"schema":{"@context":"https:\/\/schema.org","@graph":[{"@type":"WebPage","@id":"https:\/\/www.bethshouse.it\/de\/appartements\/ora\/","url":"https:\/\/www.bethshouse.it\/de\/appartements\/ora\/","name":"Appartamento Ora - Lago di Garda","isPartOf":{"@id":"https:\/\/www.bethshouse.it\/de\/#website"},"primaryImageOfPage":{"@id":"https:\/\/www.bethshouse.it\/de\/appartements\/ora\/#primaryimage"},"image":{"@id":"https:\/\/www.bethshouse.it\/de\/appartements\/ora\/#primaryimage"},"thumbnailUrl":"https:\/\/www.bethshouse.it\/wp-content\/uploads\/2022\/07\/immagini-cover-web2.jpg","datePublished":"2022-07-26T15:21:46+00:00","dateModified":"2023-02-07T17:45:27+00:00","description":"L'appartamento Ora - Beth's House sul Lago di Garda si trova al terzo piano con terrazzo ideale per 2 persone","breadcrumb":{"@id":"https:\/\/www.bethshouse.it\/de\/appartements\/ora\/#breadcrumb"},"inLanguage":"de","potentialAction":[{"@type":"ReadAction","target":["https:\/\/www.bethshouse.it\/de\/appartements\/ora\/"]}]},{"@type":"ImageObject","inLanguage":"de","@id":"https:\/\/www.bethshouse.it\/de\/appartements\/ora\/#primaryimage","url":"https:\/\/www.bethshouse.it\/wp-content\/uploads\/2022\/07\/immagini-cover-web2.jpg","contentUrl":"https:\/\/www.bethshouse.it\/wp-content\/uploads\/2022\/07\/immagini-cover-web2.jpg","width":1920,"height":600},{"@type":"BreadcrumbList","@id":"https:\/\/www.bethshouse.it\/de\/appartements\/ora\/#breadcrumb","itemListElement":[{"@type":"ListItem","position":1,"name":"Home","item":"https:\/\/www.bethshouse.it\/de\/homepage\/"},{"@type":"ListItem","position":2,"name":"Appartements","item":"https:\/\/www.bethshouse.it\/de\/appartements\/"},{"@type":"ListItem","position":3,"name":"Ora"}]},{"@type":"WebSite","@id":"https:\/\/www.bethshouse.it\/de\/#website","url":"https:\/\/www.bethshouse.it\/de\/","name":"Beth&#039;s House","description":"Case vacanze vicino Lago di Garda","publisher":{"@id":"https:\/\/www.bethshouse.it\/de\/#organization"},"potentialAction":[{"@type":"SearchAction","target":{"@type":"EntryPoint","urlTemplate":"https:\/\/www.bethshouse.it\/de\/?s={search_term_string}"},"query-input":{"@type":"PropertyValueSpecification","valueRequired":true,"valueName":"search_term_string"}}],"inLanguage":"de"},{"@type":"Organization","@id":"https:\/\/www.bethshouse.it\/de\/#organization","name":"Beth's House","url":"https:\/\/www.bethshouse.it\/de\/","logo":{"@type":"ImageObject","inLanguage":"de","@id":"https:\/\/www.bethshouse.it\/de\/#\/schema\/logo\/image\/","url":"https:\/\/www.bethshouse.it\/wp-content\/uploads\/2022\/03\/01.png","contentUrl":"https:\/\/www.bethshouse.it\/wp-content\/uploads\/2022\/03\/01.png","width":2041,"height":454,"caption":"Beth's House"},"image":{"@id":"https:\/\/www.bethshouse.it\/de\/#\/schema\/logo\/image\/"}}]}},"_links":{"self":[{"href":"https:\/\/www.bethshouse.it\/de\/wp-json\/wp\/v2\/appartamenti\/3065","targetHints":{"allow":["GET"]}}],"collection":[{"href":"https:\/\/www.bethshouse.it\/de\/wp-json\/wp\/v2\/appartamenti"}],"about":[{"href":"https:\/\/www.bethshouse.it\/de\/wp-json\/wp\/v2\/types\/appartamenti"}],"wp:featuredmedia":[{"embeddable":true,"href":"https:\/\/www.bethshouse.it\/de\/wp-json\/wp\/v2\/media\/3212"}],"wp:attachment":[{"href":"https:\/\/www.bethshouse.it\/de\/wp-json\/wp\/v2\/media?parent=3065"}],"wp:term":[{"taxonomy":"elettrodomestici","embeddable":true,"href":"https:\/\/www.bethshouse.it\/de\/wp-json\/wp\/v2\/elettrodomestici?post=3065"},{"taxonomy":"biancheria","embeddable":true,"href":"https:\/\/www.bethshouse.it\/de\/wp-json\/wp\/v2\/biancheria?post=3065"},{"taxonomy":"cucina_e_dispensa","embeddable":true,"href":"https:\/\/www.bethshouse.it\/de\/wp-json\/wp\/v2\/cucina_e_dispensa?post=3065"},{"taxonomy":"pulizia","embeddable":true,"href":"https:\/\/www.bethshouse.it\/de\/wp-json\/wp\/v2\/pulizia?post=3065"},{"taxonomy":"bambini","embeddable":true,"href":"https:\/\/www.bethshouse.it\/de\/wp-json\/wp\/v2\/bambini?post=3065"},{"taxonomy":"riscaldamento_climatizzatore","embeddable":true,"href":"https:\/\/www.bethshouse.it\/de\/wp-json\/wp\/v2\/riscaldamento_climatizzatore?post=3065"},{"taxonomy":"sicurezza","embeddable":true,"href":"https:\/\/www.bethshouse.it\/de\/wp-json\/wp\/v2\/sicurezza?post=3065"},{"taxonomy":"intrattenimento","embeddable":true,"href":"https:\/\/www.bethshouse.it\/de\/wp-json\/wp\/v2\/intrattenimento?post=3065"},{"taxonomy":"varie","embeddable":true,"href":"https:\/\/www.bethshouse.it\/de\/wp-json\/wp\/v2\/varie?post=3065"},{"taxonomy":"all_aperto","embeddable":true,"href":"https:\/\/www.bethshouse.it\/de\/wp-json\/wp\/v2\/all_aperto?post=3065"},{"taxonomy":"tipo-struttura","embeddable":true,"href":"https:\/\/www.bethshouse.it\/de\/wp-json\/wp\/v2\/tipo-struttura?post=3065"}],"curies":[{"name":"wp","href":"https:\/\/api.w.org\/{rel}","templated":true}]}}